{"id":4739,"date":"2021-10-04T17:38:13","date_gmt":"2021-10-04T15:38:13","guid":{"rendered":"http:\/\/bambalina.es\/ca\/espectaculos\/cucu"},"modified":"2024-03-13T12:09:48","modified_gmt":"2024-03-13T11:09:48","slug":"cucu","status":"publish","type":"shows","link":"https:\/\/bambalina.es\/ca\/espectaculos\/cucu","title":{"rendered":"CUCU"},"content":{"rendered":"\n<p>El nostre espectacle naix amb l\u2019objectiu de fomentar el valor de l\u2019<strong>autoacceptaci\u00f3<\/strong> entre els m\u00e9s menuts. Aquest es un element essencial per a un satisfactori desenvolupament socioemocional.<\/p>\n\n\n\n<p>El concepte que l\u2019infant t\u00e9 de s\u00ed mateix i la seua autoestima van construint-se a poc a poc durant la inf\u00e0ncia i en aquesta construcci\u00f3 influeix enormement la valoraci\u00f3 dels altres.<\/p>\n\n\n\n<p>Per aix\u00f2, una de les preocupacions infantils m\u00e9s comunes \u00e9s la por a no encaixar. Com que es busca&nbsp; l\u2019aprovaci\u00f3 del grup, l\u2019infant pot percebre les caracter\u00edstiques que el fan diferent a la resta de manera negativa i veure afectada aix\u00ed la seua autoestima.<\/p>\n\n\n\n<p>Un nen o nena pot sentir-se diferent per molts motius: per ser m\u00e9s alt o m\u00e9s baix, per ser miop, per aprendre amb m\u00e9s dificultats que la resta, pel seu origen\u2026 i aquestes difer\u00e8ncies poden ser motiu d\u2019angoixa, especialment quan van acompanyades de burles o rebuig per part dels altres.<\/p>\n\n\n\n<p>Nosaltres tamb\u00e9 ens hem sentit aix\u00ed alguna vegada, &nbsp;per aix\u00f2 volem adressar-nos als m\u00e9s menuts per fer-los veure que tots som diferents, i que la difer\u00e8ncia no ha de ser negativa. I que, de vegades, si l\u2019acceptem pot acabar convertint-se fins i tot en una virtut o qualitat que ens fa \u00fanics front a la resta.<\/p>\n\n\n\n<p>No obstant, volem fugir del to did\u00e0ctic, moralista o alli\u00e7onador que sovint acompanya els espectacles infantils, i acostar-nos al nostre p\u00fablic a trav\u00e9s de la po\u00e8tica, la pl\u00e0stica i l\u2019humor. Molt d\u2019humor, perqu\u00e8 aquest \u00e9s un recurs excepcional per adressar-nos als mes menuts. . &nbsp;L\u2019objectiu \u00faltim \u00e9s crear un espectacle atractiu, suggerent i inspirador, que atrape els espectadors, els fa\u00e7a reflexionar i fomente en ells els valors d\u2019empatia, toler\u00e0ncia, respecte i autoestima.<\/p>\n\n\n\n<p>L\u2019espectacle es composa de tres hist\u00f2ries que funcionen de manera independent protagontizades per xiquets i xiquetes diferents que plantegen tres \u201cproblemes\u201d o preocupacions de diferent \u00edndol:<\/p>\n\n\n\n<p>Hist\u00f2ria 1, referent al desenvolupament propi del creixement: Un xiquet que es fa pipi al llit.<\/p>\n\n\n\n<p>Hist\u00f2ria 2: referent a una peculiaritat f\u00edsica: Una xiqueta amb les orelles molt grans.<\/p>\n\n\n\n<p>Hist\u00f2ria 3: referent a la parla: Xiqueta amb problema de rotacisme.<\/p>\n\n\n\n<p><strong>Posada en escena<\/strong><\/p>\n\n\n\n<p>Apostem per una posada en escena amb un alt component visual que fusione diferents llenguatges esc\u00e8nics com son la manipulaci\u00f3 d\u2019objectes, l\u2019\u00fas de titelles i&nbsp; l\u2019expresi\u00f3 corporal. Partirem de la t\u00e8cnica del <strong>collage<\/strong>, no sols com a recurs est\u00e8tic sino tamb\u00e9 narratiu. El collage ens permet crear universos surrealistes que desperten la imaginaci\u00f3 i estimulen als mes menuts; unim imatges aparentment inconnexes per dotar-les d\u2019un nou significat. Transformem la realitat a trav\u00e9s del retall i la uni\u00f3 i generem realitats noves.<\/p>\n\n\n\n<p>Aix\u00ed, l\u2019est\u00e8tica del muntatge, tant de les titelles, dels objectes com de l\u2019escenografia ens remet a un collage vivant, ple de color, que juga amb la fotografia, la il.lustraci\u00f3, el paper i el cart\u00f3 per crear un espai atractiu i on\u00edric que atrape l\u2019espectador i el submergisca en un m\u00f3n surreal on tot \u00e9s possible.<\/p>\n\n\n\n<p>La plasticitat tamb\u00e9 ser\u00e0 expressada pel codi de moviment que volem implementar a la interpretaci\u00f3. Un codi reconeixible inspirat en el treball corporal dels c\u00f2mics cl\u00e0ssics: Chaplin, Keaton, Lloyd\u2026<\/p>\n","protected":false},"excerpt":{"rendered":"<p>El nostre espectacle naix amb l\u2019objectiu de fomentar el valor de l\u2019autoacceptaci\u00f3 entre els m\u00e9s menuts. Aquest es un element &#8230; <\/p>\n<p class=\"read-more-container\"><a title=\"CUCU\" class=\"read-more button\" href=\"https:\/\/bambalina.es\/ca\/espectaculos\/cucu#more-4739\" aria-label=\"M\u00e9s informaci\u00f3 sobre CUCU\">Read more<\/a><\/p>\n","protected":false},"featured_media":7775,"template":"","meta":{"_acf_changed":false,"footnotes":""},"class_list":["post-4739","shows","type-shows","status-publish","has-post-thumbnail","hentry","infinite-scroll-item"],"acf":[],"_links":{"self":[{"href":"https:\/\/bambalina.es\/ca\/wp-json\/wp\/v2\/shows\/4739","targetHints":{"allow":["GET"]}}],"collection":[{"href":"https:\/\/bambalina.es\/ca\/wp-json\/wp\/v2\/shows"}],"about":[{"href":"https:\/\/bambalina.es\/ca\/wp-json\/wp\/v2\/types\/shows"}],"version-history":[{"count":3,"href":"https:\/\/bambalina.es\/ca\/wp-json\/wp\/v2\/shows\/4739\/revisions"}],"predecessor-version":[{"id":9605,"href":"https:\/\/bambalina.es\/ca\/wp-json\/wp\/v2\/shows\/4739\/revisions\/9605"}],"wp:featuredmedia":[{"embeddable":true,"href":"https:\/\/bambalina.es\/ca\/wp-json\/wp\/v2\/media\/7775"}],"wp:attachment":[{"href":"https:\/\/bambalina.es\/ca\/wp-json\/wp\/v2\/media?parent=4739"}],"curies":[{"name":"wp","href":"https:\/\/api.w.org\/{rel}","templated":true}]}}